{"id":42,"date":"2013-06-11T16:26:00","date_gmt":"2013-06-11T15:26:00","guid":{"rendered":"http:\/\/www.xn--itinraireculturelfrancsetwisigoths-e9c.fr\/?page_id=42"},"modified":"2016-09-19T18:29:48","modified_gmt":"2016-09-19T17:29:48","slug":"litineraire-culturel-europeen-francs-et-wisigoths","status":"publish","type":"page","link":"http:\/\/www.xn--itinraireculturelfrancsetwisigoths-e9c.fr\/","title":{"rendered":"Les itin\u00e9raires culturels pour comprendre l&#8217;Europe&#8230;"},"content":{"rendered":"<h4 style=\"text-align: justify;\">\r\n\t<div class=\"slideshow_container slideshow_container_style-light\" style=\"height: 200px; \" data-slideshow-id=\"2122\" data-style-name=\"style-light\" data-style-version=\"2.3.1\" >\r\n\r\n\t\t\t\t\t<div class=\"slideshow_loading_icon\"><\/div>\r\n\t\t\r\n\t\t<div class=\"slideshow_content\" style=\"display: none;\">\r\n\r\n\t\t\t<div class=\"slideshow_view\">\r\n\t\t\t\t<div class=\"slideshow_slide slideshow_slide_image\">\r\n\t\t\t\t\t\t\t\t\t\t\t<img src=\"http:\/\/www.xn--itinraireculturelfrancsetwisigoths-e9c.fr\/wp-content\/uploads\/2015\/01\/P1000984-e1424104086275.jpg\" alt=\"P1000984\" width=\"448\" height=\"336\" \/>\r\n\t\t\t\t\t\t\t\t\t\t<div class=\"slideshow_description_box slideshow_transparent\">\r\n\t\t\t\t\t\t\t\t\t\t\t\t\t\t\t\t\t<\/div>\r\n\t\t\t\t<\/div>\r\n\r\n\t\t\t\t\t\t\r\n\t\t\t\t<div class=\"slideshow_slide slideshow_slide_image\">\r\n\t\t\t\t\t\t\t\t\t\t\t<img src=\"http:\/\/www.xn--itinraireculturelfrancsetwisigoths-e9c.fr\/wp-content\/uploads\/2015\/01\/Marle-Vouill\u00e9-4--e1424106055426.jpg\" alt=\"Marle Vouill\u00e9 4\" width=\"223\" height=\"336\" \/>\r\n\t\t\t\t\t\t\t\t\t\t<div class=\"slideshow_description_box slideshow_transparent\">\r\n\t\t\t\t\t\t\t\t\t\t\t\t\t\t\t\t\t<\/div>\r\n\t\t\t\t<\/div>\r\n\r\n\t\t\t\t\t\t\r\n\t\t\t\t<div class=\"slideshow_slide slideshow_slide_image\">\r\n\t\t\t\t\t\t\t\t\t\t\t<img src=\"http:\/\/www.xn--itinraireculturelfrancsetwisigoths-e9c.fr\/wp-content\/uploads\/2015\/01\/028-Le-creuset-dor\u00e9-par-les-flammes-e1424106081144.jpg\" alt=\"028 Le creuset dor\u00e9 par les flammes\" width=\"224\" height=\"336\" \/>\r\n\t\t\t\t\t\t\t\t\t\t<div class=\"slideshow_description_box slideshow_transparent\">\r\n\t\t\t\t\t\t\t\t\t\t\t\t\t\t\t\t\t<\/div>\r\n\t\t\t\t<\/div>\r\n\r\n\t\t\t\t\t\t\r\n\t\t\t\t<div class=\"slideshow_slide slideshow_slide_image\">\r\n\t\t\t\t\t\t\t\t\t\t\t<img src=\"http:\/\/www.xn--itinraireculturelfrancsetwisigoths-e9c.fr\/wp-content\/uploads\/2015\/01\/Lagrave-1er-chantier-N\u00e9cropole-\u00e9glise-crypte-11.jpg\" alt=\"Lagrave - 1er chantier (N\u00e9cropole, \u00e9glise, crypte) 11\" width=\"448\" height=\"252\" \/>\r\n\t\t\t\t\t\t\t\t\t\t<div class=\"slideshow_description_box slideshow_transparent\">\r\n\t\t\t\t\t\t\t\t\t\t\t\t\t\t\t\t\t<\/div>\r\n\t\t\t\t<\/div>\r\n\r\n\t\t\t\t\t\t\r\n\t\t\t\t<div class=\"slideshow_slide slideshow_slide_image\">\r\n\t\t\t\t\t\t\t\t\t\t\t<img src=\"http:\/\/www.xn--itinraireculturelfrancsetwisigoths-e9c.fr\/wp-content\/uploads\/2015\/01\/Aquitaine-Historique-Bulletin-N\u00b0117-e1424106105780.jpg\" alt=\"Aquitaine - Historique Bulletin N\u00b0117\" width=\"239\" height=\"336\" \/>\r\n\t\t\t\t\t\t\t\t\t\t<div class=\"slideshow_description_box slideshow_transparent\">\r\n\t\t\t\t\t\t\t\t\t\t\t\t\t\t\t\t\t<\/div>\r\n\t\t\t\t<\/div>\r\n\r\n\t\t\t\t\t\t\r\n\t\t\t\t<div class=\"slideshow_slide slideshow_slide_image\">\r\n\t\t\t\t\t\t\t\t\t\t\t<img src=\"http:\/\/www.xn--itinraireculturelfrancsetwisigoths-e9c.fr\/wp-content\/uploads\/2015\/01\/Arles-Bulletin-N\u00b0154-500e-Anniversaire-Confr\u00e8rie-des-Gardians-fig4-e1424106127122.jpg\" alt=\"Arles - Bulletin N\u00b0154 500e Anniversaire Confr\u00e8rie des Gardians fig4\" width=\"237\" height=\"336\" \/>\r\n\t\t\t\t\t\t\t\t\t\t<div class=\"slideshow_description_box slideshow_transparent\">\r\n\t\t\t\t\t\t\t\t\t\t\t\t\t\t\t\t\t<\/div>\r\n\t\t\t\t<\/div>\r\n\r\n\t\t\t\t\t\t\r\n\t\t\t\t<div class=\"slideshow_slide slideshow_slide_image\">\r\n\t\t\t\t\t\t\t\t\t\t\t<img src=\"http:\/\/www.xn--itinraireculturelfrancsetwisigoths-e9c.fr\/wp-content\/uploads\/2015\/01\/Agde-Maquette-de-four.jpg\" alt=\"Agde- Maquette de four\" width=\"448\" height=\"336\" \/>\r\n\t\t\t\t\t\t\t\t\t\t<div class=\"slideshow_description_box slideshow_transparent\">\r\n\t\t\t\t\t\t\t\t\t\t\t\t\t\t\t\t\t<\/div>\r\n\t\t\t\t<\/div>\r\n\r\n\t\t\t\t\t\t<div style=\"clear: both;\"><\/div><\/div><div class=\"slideshow_view\">\r\n\t\t\t\t<div class=\"slideshow_slide slideshow_slide_image\">\r\n\t\t\t\t\t\t\t\t\t\t\t<img src=\"http:\/\/www.xn--itinraireculturelfrancsetwisigoths-e9c.fr\/wp-content\/uploads\/2015\/01\/P1000324.jpg\" alt=\"P1000324\" width=\"448\" height=\"336\" \/>\r\n\t\t\t\t\t\t\t\t\t\t<div class=\"slideshow_description_box slideshow_transparent\">\r\n\t\t\t\t\t\t\t\t\t\t\t\t\t\t\t\t\t<\/div>\r\n\t\t\t\t<\/div>\r\n\r\n\t\t\t\t\t\t\r\n\t\t\t\t<div class=\"slideshow_slide slideshow_slide_image\">\r\n\t\t\t\t\t\t\t\t\t\t\t<img src=\"http:\/\/www.xn--itinraireculturelfrancsetwisigoths-e9c.fr\/wp-content\/uploads\/2015\/01\/026-Auph\u00e9line-apprend-aux-visiteurs-comment-fabriquer-un-cordon-selon-la-technique-N\u00e9olithique-.jpg\" alt=\"026 Auph\u00e9line apprend aux visiteurs comment fabriquer un cordon selon la technique N\u00e9olithique\" width=\"448\" height=\"299\" \/>\r\n\t\t\t\t\t\t\t\t\t\t<div class=\"slideshow_description_box slideshow_transparent\">\r\n\t\t\t\t\t\t\t\t\t\t\t\t\t\t\t\t\t<\/div>\r\n\t\t\t\t<\/div>\r\n\r\n\t\t\t\t\t\t\r\n\t\t\t\t<div class=\"slideshow_slide slideshow_slide_image\">\r\n\t\t\t\t\t\t\t\t\t\t\t<img src=\"http:\/\/www.xn--itinraireculturelfrancsetwisigoths-e9c.fr\/wp-content\/uploads\/2015\/01\/Lagrave-Retour-de-prises-de-vues-a\u00e9riennes-0002-e1424104819161.jpg\" alt=\"Lagrave - Retour de prises de vues a\u00e9riennes 0002\" width=\"448\" height=\"319\" \/>\r\n\t\t\t\t\t\t\t\t\t\t<div class=\"slideshow_description_box slideshow_transparent\">\r\n\t\t\t\t\t\t\t\t\t\t\t\t\t\t\t\t\t<\/div>\r\n\t\t\t\t<\/div>\r\n\r\n\t\t\t\t\t\t\r\n\t\t\t\t<div class=\"slideshow_slide slideshow_slide_image\">\r\n\t\t\t\t\t\t\t\t\t\t\t<img src=\"http:\/\/www.xn--itinraireculturelfrancsetwisigoths-e9c.fr\/wp-content\/uploads\/2015\/01\/Aquitaine-Historique-Visite-Comment\u00e9e-Maire-de-Magnac-Lavalette.jpg\" alt=\"Aquitaine - Historique Visite Comment\u00e9e Maire de Magnac-Lavalette\" width=\"448\" height=\"336\" \/>\r\n\t\t\t\t\t\t\t\t\t\t<div class=\"slideshow_description_box slideshow_transparent\">\r\n\t\t\t\t\t\t\t\t\t\t\t\t\t\t\t\t\t<\/div>\r\n\t\t\t\t<\/div>\r\n\r\n\t\t\t\t\t\t\r\n\t\t\t\t<div class=\"slideshow_slide slideshow_slide_image\">\r\n\t\t\t\t\t\t\t\t\t\t\t<img src=\"http:\/\/www.xn--itinraireculturelfrancsetwisigoths-e9c.fr\/wp-content\/uploads\/2015\/01\/Arles-Colloque-2011-Lieux-de-pouvoir-\u00e0-Arles-fig2.jpg\" alt=\"Arles - Colloque 2011 Lieux de pouvoir \u00e0 Arles fig2\" width=\"448\" height=\"297\" \/>\r\n\t\t\t\t\t\t\t\t\t\t<div class=\"slideshow_description_box slideshow_transparent\">\r\n\t\t\t\t\t\t\t\t\t\t\t\t\t\t\t\t\t<\/div>\r\n\t\t\t\t<\/div>\r\n\r\n\t\t\t\t\t\t\r\n\t\t\t\t<div class=\"slideshow_slide slideshow_slide_image\">\r\n\t\t\t\t\t\t\t\t\t\t\t<img src=\"http:\/\/www.xn--itinraireculturelfrancsetwisigoths-e9c.fr\/wp-content\/uploads\/2015\/01\/Agde-Restauration-c\u00e9ramique-e1424106158482.jpg\" alt=\"OLYMPUS DIGITAL CAMERA\" width=\"252\" height=\"336\" \/>\r\n\t\t\t\t\t\t\t\t\t\t<div class=\"slideshow_description_box slideshow_transparent\">\r\n\t\t\t\t\t\t\t\t\t\t\t\t\t\t\t\t\t<\/div>\r\n\t\t\t\t<\/div>\r\n\r\n\t\t\t\t\t\t\r\n\t\t\t\t<div class=\"slideshow_slide slideshow_slide_image\">\r\n\t\t\t\t\t\t\t\t\t\t\t<img src=\"http:\/\/www.xn--itinraireculturelfrancsetwisigoths-e9c.fr\/wp-content\/uploads\/2015\/01\/P1010685-e1424105003132.jpg\" alt=\"P1010685\" width=\"448\" height=\"336\" \/>\r\n\t\t\t\t\t\t\t\t\t\t<div class=\"slideshow_description_box slideshow_transparent\">\r\n\t\t\t\t\t\t\t\t\t\t\t\t\t\t\t\t\t<\/div>\r\n\t\t\t\t<\/div>\r\n\r\n\t\t\t\t\t\t<div style=\"clear: both;\"><\/div><\/div><div class=\"slideshow_view\">\r\n\t\t\t\t<div class=\"slideshow_slide slideshow_slide_image\">\r\n\t\t\t\t\t\t\t\t\t\t\t<img src=\"http:\/\/www.xn--itinraireculturelfrancsetwisigoths-e9c.fr\/wp-content\/uploads\/2015\/01\/Marle-Vouill\u00e9-3-886-e1424106184554.jpg\" alt=\"Marle-Vouill\u00e9 3 886\" width=\"223\" height=\"336\" \/>\r\n\t\t\t\t\t\t\t\t\t\t<div class=\"slideshow_description_box slideshow_transparent\">\r\n\t\t\t\t\t\t\t\t\t\t\t\t\t\t\t\t\t<\/div>\r\n\t\t\t\t<\/div>\r\n\r\n\t\t\t\t\t\t\r\n\t\t\t\t<div class=\"slideshow_slide slideshow_slide_image\">\r\n\t\t\t\t\t\t\t\t\t\t\t<img src=\"http:\/\/www.xn--itinraireculturelfrancsetwisigoths-e9c.fr\/wp-content\/uploads\/2015\/01\/035-Quentin-le-forgeron-attise-les-braises-\u00e0-laide-de-soufflets-e1424106214451.jpg\" alt=\"035 Quentin le forgeron attise les braises \u00e0 l'aide de soufflets\" width=\"224\" height=\"336\" \/>\r\n\t\t\t\t\t\t\t\t\t\t<div class=\"slideshow_description_box slideshow_transparent\">\r\n\t\t\t\t\t\t\t\t\t\t\t\t\t\t\t\t\t<\/div>\r\n\t\t\t\t<\/div>\r\n\r\n\t\t\t\t\t\t\r\n\t\t\t\t<div class=\"slideshow_slide slideshow_slide_image\">\r\n\t\t\t\t\t\t\t\t\t\t\t<img src=\"http:\/\/www.xn--itinraireculturelfrancsetwisigoths-e9c.fr\/wp-content\/uploads\/2015\/01\/Lagrave-PICT0009.jpg\" alt=\"DCF 1.0\" width=\"448\" height=\"336\" \/>\r\n\t\t\t\t\t\t\t\t\t\t<div class=\"slideshow_description_box slideshow_transparent\">\r\n\t\t\t\t\t\t\t\t\t\t\t\t\t\t\t\t\t<\/div>\r\n\t\t\t\t<\/div>\r\n\r\n\t\t\t\t\t\t\r\n\t\t\t\t<div class=\"slideshow_slide slideshow_slide_image\">\r\n\t\t\t\t\t\t\t\t\t\t\t<img src=\"http:\/\/www.xn--itinraireculturelfrancsetwisigoths-e9c.fr\/wp-content\/uploads\/2015\/01\/Aquitaine-Historique-D\u00e9couverte-du-Ch\u00e2teau-de-la-Mercerie.jpg\" alt=\"Aquitaine Historique - D\u00e9couverte du Ch\u00e2teau de la Mercerie\" width=\"448\" height=\"336\" \/>\r\n\t\t\t\t\t\t\t\t\t\t<div class=\"slideshow_description_box slideshow_transparent\">\r\n\t\t\t\t\t\t\t\t\t\t\t\t\t\t\t\t\t<\/div>\r\n\t\t\t\t<\/div>\r\n\r\n\t\t\t\t\t\t\r\n\t\t\t\t<div class=\"slideshow_slide slideshow_slide_image\">\r\n\t\t\t\t\t\t\t\t\t\t\t<img src=\"http:\/\/www.xn--itinraireculturelfrancsetwisigoths-e9c.fr\/wp-content\/uploads\/2015\/01\/Arles-Sortie-Visite-Site-de-Glanum-fig1.jpg\" alt=\"Arles - Sortie-Visite  Site de Glanum fig1\" width=\"448\" height=\"336\" \/>\r\n\t\t\t\t\t\t\t\t\t\t<div class=\"slideshow_description_box slideshow_transparent\">\r\n\t\t\t\t\t\t\t\t\t\t\t\t\t\t\t\t\t<\/div>\r\n\t\t\t\t<\/div>\r\n\r\n\t\t\t\t\t\t\r\n\t\t\t\t<div class=\"slideshow_slide slideshow_slide_image\">\r\n\t\t\t\t\t\t\t\t\t\t\t<img src=\"http:\/\/www.xn--itinraireculturelfrancsetwisigoths-e9c.fr\/wp-content\/uploads\/2015\/01\/Agde-Recollage.jpg\" alt=\"OLYMPUS DIGITAL CAMERA\" width=\"448\" height=\"336\" \/>\r\n\t\t\t\t\t\t\t\t\t\t<div class=\"slideshow_description_box slideshow_transparent\">\r\n\t\t\t\t\t\t\t\t\t\t\t\t\t\t\t\t\t<\/div>\r\n\t\t\t\t<\/div>\r\n\r\n\t\t\t\t\t\t\r\n\t\t\t\t<div class=\"slideshow_slide slideshow_slide_image\">\r\n\t\t\t\t\t\t\t\t\t\t\t<img src=\"http:\/\/www.xn--itinraireculturelfrancsetwisigoths-e9c.fr\/wp-content\/uploads\/2015\/01\/Arles-Ouvrage-sur-les-rues-dArles-ig3-e1424106242428.jpg\" alt=\"Arles - Ouvrage sur les rues d'Arles ig3\" width=\"282\" height=\"336\" \/>\r\n\t\t\t\t\t\t\t\t\t\t<div class=\"slideshow_description_box slideshow_transparent\">\r\n\t\t\t\t\t\t\t\t\t\t\t\t\t\t\t\t\t<\/div>\r\n\t\t\t\t<\/div>\r\n\r\n\t\t\t\t\t\t<div style=\"clear: both;\"><\/div><\/div><div class=\"slideshow_view\">\r\n\t\t\t\t<div class=\"slideshow_slide slideshow_slide_image\">\r\n\t\t\t\t\t\t\t\t\t\t\t<img src=\"http:\/\/www.xn--itinraireculturelfrancsetwisigoths-e9c.fr\/wp-content\/uploads\/2015\/01\/Agde-Bac-\u00e0-fouilles.jpg\" alt=\"Agde - Bac \u00e0 fouilles\" width=\"448\" height=\"336\" \/>\r\n\t\t\t\t\t\t\t\t\t\t<div class=\"slideshow_description_box slideshow_transparent\">\r\n\t\t\t\t\t\t\t\t\t\t\t\t\t\t\t\t\t<\/div>\r\n\t\t\t\t<\/div>\r\n\r\n\t\t\t\t\t\t\r\n\t\t\t\t<div class=\"slideshow_slide slideshow_slide_image\">\r\n\t\t\t\t\t\t\t\t\t\t\t<img src=\"http:\/\/www.xn--itinraireculturelfrancsetwisigoths-e9c.fr\/wp-content\/uploads\/2015\/01\/Aquitaine-Historique-Conf\u00e9rence-sur-le-pigeon-voyageur-.jpg\" alt=\"Aquitaine - Historique Conf\u00e9rence sur le pigeon voyageur\" width=\"448\" height=\"218\" \/>\r\n\t\t\t\t\t\t\t\t\t\t<div class=\"slideshow_description_box slideshow_transparent\">\r\n\t\t\t\t\t\t\t\t\t\t\t\t\t\t\t\t\t<\/div>\r\n\t\t\t\t<\/div>\r\n\r\n\t\t\t\t\t\t\r\n\t\t\t\t<div class=\"slideshow_slide slideshow_slide_image\">\r\n\t\t\t\t\t\t\t\t\t\t\t<img src=\"http:\/\/www.xn--itinraireculturelfrancsetwisigoths-e9c.fr\/wp-content\/uploads\/2015\/01\/Lagrave-Accueil-Arch\u00e9ocrypte-0027.jpg\" alt=\"Lagrave - Accueil Arch\u00e9ocrypte 0027\" width=\"448\" height=\"336\" \/>\r\n\t\t\t\t\t\t\t\t\t\t<div class=\"slideshow_description_box slideshow_transparent\">\r\n\t\t\t\t\t\t\t\t\t\t\t\t\t\t\t\t\t<\/div>\r\n\t\t\t\t<\/div>\r\n\r\n\t\t\t\t\t\t\r\n\t\t\t\t<div class=\"slideshow_slide slideshow_slide_image\">\r\n\t\t\t\t\t\t\t\t\t\t\t<img src=\"http:\/\/www.xn--itinraireculturelfrancsetwisigoths-e9c.fr\/wp-content\/uploads\/2015\/01\/Arch\u00e9osite-Les-rues-des-vignes-59258-IMG_4472-e1424106271169.jpg\" alt=\"Arch\u00e9o'site Les rues des vignes 59258 IMG_4472\" width=\"448\" height=\"299\" \/>\r\n\t\t\t\t\t\t\t\t\t\t<div class=\"slideshow_description_box slideshow_transparent\">\r\n\t\t\t\t\t\t\t\t\t\t\t\t\t\t\t\t\t<\/div>\r\n\t\t\t\t<\/div>\r\n\r\n\t\t\t\t\t\t\r\n\t\t\t\t<div class=\"slideshow_slide slideshow_slide_image\">\r\n\t\t\t\t\t\t\t\t\t\t\t<img src=\"http:\/\/www.xn--itinraireculturelfrancsetwisigoths-e9c.fr\/wp-content\/uploads\/2015\/01\/Marle-1-e1424105519720.jpg\" alt=\"Marle 1\" width=\"502\" height=\"336\" \/>\r\n\t\t\t\t\t\t\t\t\t\t<div class=\"slideshow_description_box slideshow_transparent\">\r\n\t\t\t\t\t\t\t\t\t\t\t\t\t\t\t\t\t<\/div>\r\n\t\t\t\t<\/div>\r\n\r\n\t\t\t\t\t\t\r\n\t\t\t\t<div class=\"slideshow_slide slideshow_slide_image\">\r\n\t\t\t\t\t\t\t\t\t\t\t<img src=\"http:\/\/www.xn--itinraireculturelfrancsetwisigoths-e9c.fr\/wp-content\/uploads\/2015\/01\/P1010629.jpg\" alt=\"P1010629\" width=\"448\" height=\"336\" \/>\r\n\t\t\t\t\t\t\t\t\t\t<div class=\"slideshow_description_box slideshow_transparent\">\r\n\t\t\t\t\t\t\t\t\t\t\t\t\t\t\t\t\t<\/div>\r\n\t\t\t\t<\/div>\r\n\r\n\t\t\t\t\t\t<div style=\"clear: both;\"><\/div><\/div>\r\n\t\t<\/div>\r\n\r\n\t\t<div class=\"slideshow_controlPanel slideshow_transparent\" style=\"display: none;\"><ul><li class=\"slideshow_togglePlay\" data-play-text=\"Play\" data-pause-text=\"Pause\"><\/li><\/ul><\/div>\r\n\r\n\t\t<div class=\"slideshow_button slideshow_previous slideshow_transparent\" role=\"button\" data-previous-text=\"Pr\u00e9c\u00e9dent\" style=\"display: none;\"><\/div>\r\n\t\t<div class=\"slideshow_button slideshow_next slideshow_transparent\" role=\"button\" data-next-text=\"Suivant\" style=\"display: none;\"><\/div>\r\n\r\n\t\t<div class=\"slideshow_pagination\" style=\"display: none;\" data-go-to-text=\"Go to slide\"><div class=\"slideshow_pagination_center\"><\/div><\/div>\r\n\r\n\t\t<!-- WordPress Slideshow Version 2.3.1 -->\r\n\r\n\t\t\t<\/div>\r\n\r\n<\/h4>\n<p style=\"text-align: justify;\"><strong>L\u2019id\u00e9e de ces Itin\u00e9raires est n\u00e9e au Conseil de l\u2019Europe dans les ann\u00e9es 80, le premier d\u2019entre eux, d\u00e9sormais fort connu, \u00e9tant celui des chemins de Saint-Jacques de Compostelle. Depuis, de nombreux autres Itin\u00e9raires ont \u00e9t\u00e9 reconnus<\/strong> <a href=\"http:\/\/www.ffice.eu\">(extrait site de la F.F.I.C.E.).<\/a><\/p>\n<p style=\"text-align: justify;\"><span style=\"color: #000000;\">L&#8217;Itin\u00e9raire Culturel Francs et Wisigoths est un outil collaboratif simple qui permet aux\u00a0 membres <span style=\"color: #000000;\">et aux partenaires si<\/span>gnataires de <\/span><a title=\"La charte F.F.I.C.E.\" href=\"http:\/\/www.xn--itinraireculturelfrancsetwisigoths-e9c.fr\/?page_id=73\">la charte \u00e9thique<\/a> <span style=\"color: #000000;\">des valeurs \u00a0de la F.F.I.C.E.,\u00a0 de dialoguer,\u00a0partager des donn\u00e9es culturelles, touristiques, historiques et\u00a0pratiques,\u00a0r\u00e9aliser des actions communes, etc., dans le respect de la charte. <\/span><span style=\"color: #000000;\">C&#8217;est un moyen dynamique de d\u00e9couverte qui s&#8217;adresse aussi au grand public.<\/span><\/p>\n<p style=\"text-align: center;\"><a href=\"http:\/\/www.xn--itinraireculturelfrancsetwisigoths-e9c.fr\/?attachment_id=2357\" rel=\"attachment wp-att-2357\"><img loading=\"lazy\" decoding=\"async\" class=\"aligncenter wp-image-2357 size-medium\" src=\"http:\/\/www.xn--itinraireculturelfrancsetwisigoths-e9c.fr\/wp-content\/uploads\/2013\/06\/Carte-de-France-Itin\u00e9raire-CF-et-W-Fond-blanc-298x300.jpg\" alt=\"carte-de-france-itineraire-cf-et-w-fond-blanc\" width=\"298\" height=\"300\" srcset=\"http:\/\/www.xn--itinraireculturelfrancsetwisigoths-e9c.fr\/wp-content\/uploads\/2013\/06\/Carte-de-France-Itin\u00e9raire-CF-et-W-Fond-blanc-298x300.jpg 298w, http:\/\/www.xn--itinraireculturelfrancsetwisigoths-e9c.fr\/wp-content\/uploads\/2013\/06\/Carte-de-France-Itin\u00e9raire-CF-et-W-Fond-blanc-150x150.jpg 150w, http:\/\/www.xn--itinraireculturelfrancsetwisigoths-e9c.fr\/wp-content\/uploads\/2013\/06\/Carte-de-France-Itin\u00e9raire-CF-et-W-Fond-blanc-768x772.jpg 768w, http:\/\/www.xn--itinraireculturelfrancsetwisigoths-e9c.fr\/wp-content\/uploads\/2013\/06\/Carte-de-France-Itin\u00e9raire-CF-et-W-Fond-blanc-1018x1024.jpg 1018w, http:\/\/www.xn--itinraireculturelfrancsetwisigoths-e9c.fr\/wp-content\/uploads\/2013\/06\/Carte-de-France-Itin\u00e9raire-CF-et-W-Fond-blanc.jpg 1565w\" sizes=\"auto, (max-width: 298px) 100vw, 298px\" \/><\/a><\/p>\n<h6 style=\"text-align: center;\"><em>\u00a0<\/em><\/h6>\n","protected":false},"excerpt":{"rendered":"<p>L\u2019id\u00e9e de ces Itin\u00e9raires est n\u00e9e au Conseil de l\u2019Europe dans les ann\u00e9es 80, le premier d\u2019entre eux, d\u00e9sormais fort connu, \u00e9tant celui des chemins de Saint-Jacques de Compostelle. Depuis, de nombreux autres Itin\u00e9raires ont \u00e9t\u00e9 reconnus (extrait site de &hellip; <a href=\"http:\/\/www.xn--itinraireculturelfrancsetwisigoths-e9c.fr\/\">Continuer la lecture <span class=\"meta-nav\">&rarr;<\/span><\/a><\/p>\n","protected":false},"author":1,"featured_media":0,"parent":0,"menu_order":3,"comment_status":"closed","ping_status":"closed","template":"sidebar-page.php","meta":{"footnotes":""},"class_list":["post-42","page","type-page","status-publish","hentry"],"_links":{"self":[{"href":"http:\/\/www.xn--itinraireculturelfrancsetwisigoths-e9c.fr\/index.php?rest_route=\/wp\/v2\/pages\/42","targetHints":{"allow":["GET"]}}],"collection":[{"href":"http:\/\/www.xn--itinraireculturelfrancsetwisigoths-e9c.fr\/index.php?rest_route=\/wp\/v2\/pages"}],"about":[{"href":"http:\/\/www.xn--itinraireculturelfrancsetwisigoths-e9c.fr\/index.php?rest_route=\/wp\/v2\/types\/page"}],"author":[{"embeddable":true,"href":"http:\/\/www.xn--itinraireculturelfrancsetwisigoths-e9c.fr\/index.php?rest_route=\/wp\/v2\/users\/1"}],"replies":[{"embeddable":true,"href":"http:\/\/www.xn--itinraireculturelfrancsetwisigoths-e9c.fr\/index.php?rest_route=%2Fwp%2Fv2%2Fcomments&post=42"}],"version-history":[{"count":197,"href":"http:\/\/www.xn--itinraireculturelfrancsetwisigoths-e9c.fr\/index.php?rest_route=\/wp\/v2\/pages\/42\/revisions"}],"predecessor-version":[{"id":2362,"href":"http:\/\/www.xn--itinraireculturelfrancsetwisigoths-e9c.fr\/index.php?rest_route=\/wp\/v2\/pages\/42\/revisions\/2362"}],"wp:attachment":[{"href":"http:\/\/www.xn--itinraireculturelfrancsetwisigoths-e9c.fr\/index.php?rest_route=%2Fwp%2Fv2%2Fmedia&parent=42"}],"curies":[{"name":"wp","href":"https:\/\/api.w.org\/{rel}","templated":true}]}}